{"id":142,"date":"2023-10-09T19:11:54","date_gmt":"2023-10-09T17:11:54","guid":{"rendered":"https:\/\/piotrkoff.com\/?page_id=142"},"modified":"2023-10-27T12:50:05","modified_gmt":"2023-10-27T10:50:05","slug":"artysci","status":"publish","type":"page","link":"https:\/\/piotrkoff.com\/index.php\/artysci\/","title":{"rendered":"Arty\u015bci"},"content":{"rendered":"<p>[et_pb_section fb_built=&#8221;1&#8243; admin_label=&#8221;Header&#8221; _builder_version=&#8221;4.22.2&#8243; _module_preset=&#8221;9896b5fa-063f-412e-8a4b-7a4c43dce220&#8243; background_color=&#8221;gcid-3be8d3fa-8b11-41b4-b614-e601c43d7597&#8243; background_image=&#8221;https:\/\/piotrkoff.com\/wp-content\/uploads\/2023\/10\/387536740_823749786164804_2998231460137231006_n-1.jpg&#8221; custom_padding=&#8221;||0px||false|false&#8221; global_module=&#8221;234&#8243; saved_tabs=&#8221;all&#8221; collapsed=&#8221;on&#8221; global_colors_info=&#8221;{%22gcid-3be8d3fa-8b11-41b4-b614-e601c43d7597%22:%91%22background_color%22%93}&#8221;][et_pb_row _builder_version=&#8221;4.20.0&#8243; _module_preset=&#8221;default&#8221; width=&#8221;90%&#8221; max_width=&#8221;none&#8221; global_colors_info=&#8221;{}&#8221;][et_pb_column type=&#8221;4_4&#8243; _builder_version=&#8221;4.20.0&#8243; _module_preset=&#8221;default&#8221; global_colors_info=&#8221;{}&#8221;][et_pb_text _builder_version=&#8221;4.22.2&#8243; _module_preset=&#8221;f798d28f-7594-4b71-ab40-6653b40ca599&#8243; text_font=&#8221;aaaapiotrkoff||||||||&#8221; min_height=&#8221;328.2px&#8221; locked=&#8221;off&#8221; global_colors_info=&#8221;{}&#8221;]<\/p>\n<h1><span style=\"color: #c9c9c9;\">Arty\u015bci<\/span><\/h1>\n<p>[\/et_pb_text][\/et_pb_column][\/et_pb_row][\/et_pb_section][et_pb_section fb_built=&#8221;1&#8243; admin_label=&#8221;Event Schedule&#8221; _builder_version=&#8221;4.20.0&#8243; _module_preset=&#8221;default&#8221; background_color=&#8221;gcid-3be8d3fa-8b11-41b4-b614-e601c43d7597&#8243; border_color_all=&#8221;#000000&#8243; border_width_bottom=&#8221;8px&#8221; collapsed=&#8221;on&#8221; global_colors_info=&#8221;{%22gcid-3be8d3fa-8b11-41b4-b614-e601c43d7597%22:%91%22background_color%22%93}&#8221;][et_pb_row _builder_version=&#8221;4.22.2&#8243; _module_preset=&#8221;default&#8221; width=&#8221;90%&#8221; max_width=&#8221;1400px&#8221; link_option_url=&#8221;#&#8221; border_color_all=&#8221;#000000&#8243; border_width_bottom=&#8221;2px&#8221; locked=&#8221;off&#8221; global_colors_info=&#8221;{}&#8221; transform_styles__hover_enabled=&#8221;on|hover&#8221; transform_scale__hover_enabled=&#8221;on|hover&#8221; transform_translate__hover_enabled=&#8221;on|desktop&#8221; transform_rotate__hover_enabled=&#8221;on|desktop&#8221; transform_skew__hover_enabled=&#8221;on|desktop&#8221; transform_origin__hover_enabled=&#8221;on|desktop&#8221; transform_scale__hover=&#8221;98%|98%&#8221;][et_pb_column type=&#8221;4_4&#8243; _builder_version=&#8221;4.20.0&#8243; _module_preset=&#8221;default&#8221; global_colors_info=&#8221;{}&#8221;][et_pb_blurb title=&#8221;Jacaszek&#8221; image=&#8221;https:\/\/piotrkoff.com\/wp-content\/uploads\/2023\/10\/Jacaszek.png&#8221; image_icon_width_last_edited=&#8221;off|desktop&#8221; _builder_version=&#8221;4.22.2&#8243; _module_preset=&#8221;49c030ff-3a3d-4552-9b37-860712433e67&#8243; width=&#8221;100%&#8221; link_option_url=&#8221;https:\/\/jacaszek.com\/&#8221; link_option_url_new_window=&#8221;on&#8221; locked=&#8221;off&#8221; global_colors_info=&#8221;{%22gcid-89ade5c1-8cb2-4026-a48f-a0b1f9f98f24%22:%91%22link_text_color%22,%22quote_border_color%22%93}&#8221; quote_font_size_tablet=&#8221;20px&#8221; quote_font_size_phone=&#8221;16px&#8221; quote_font_size_last_edited=&#8221;on|desktop&#8221;]<\/p>\n<p>Jacaszek to pochodz\u0105cy z Mr\u0105gowa, a od lat mieszkaj\u0105cy w Gda\u0144sku kompozytor, multiinstrumentalista, producent i wykonawca muzyki<br \/>elektroakustycznej, \u0142\u0105cz\u0105cej d\u017awi\u0119ki preparowane elektronicznie z \u017cywym instrumentarium.<\/p>\n<p>Na swoim koncie ma kilkana\u015bcie album\u00f3w solowych wydanych w USA, Wielkiej Brytanii, Norwegii, Holandii i Polsce, a tak\u017ce p\u0142yty nagrane z Mi\u0142k\u0105 Malzahn, Stefanem Weso\u0142owskim, Miko\u0142ajem Trzask\u0105, Tomaszem Budzy\u0144skim, Hani\u0105 Malarowsk\u0105, Ann\u0105 \u015amiszek-<br \/>Weso\u0142owsk\u0105 i Vocal Varshe.<\/p>\n<p>Tworzy ilustracje muzyczne do poezji i prozy, muzyk\u0119 teatraln\u0105 i filmow\u0105 oraz s\u0142uchowiska. Jest laureatem nagr\u00f3d filmowych i teatralnych<br \/>oraz cz\u0142onkiem Polskiego Stowarzyszenia Muzyki Elektroakustycznej i Polskiej Akademii Filmowej.<\/p>\n<p>[\/et_pb_blurb][et_pb_text _builder_version=&#8221;4.22.2&#8243; _module_preset=&#8221;d5cce6f9-fe8e-4740-9b22-387451c2e8e4&#8243; text_orientation=&#8221;right&#8221; custom_margin=&#8221;||0px||false|false&#8221; text_orientation_tablet=&#8221;left&#8221; text_orientation_phone=&#8221;left&#8221; text_orientation_last_edited=&#8221;on|tablet&#8221; global_colors_info=&#8221;{}&#8221;]<\/p>\n<h4>Pi\u0105tek &#8211; 27 Pa\u017adziernika 2023<\/h4>\n<h4>godz. 19:15<\/h4>\n<p>[\/et_pb_text][et_pb_text _builder_version=&#8221;4.22.2&#8243; _module_preset=&#8221;6732f69b-144b-4e92-822b-32593892afe4&#8243; text_orientation=&#8221;right&#8221; text_orientation_tablet=&#8221;left&#8221; text_orientation_phone=&#8221;left&#8221; text_orientation_last_edited=&#8221;on|tablet&#8221; global_colors_info=&#8221;{}&#8221;]<\/p>\n<p>Ko\u015bci\u00f3\u0142 Ewangelicko-Augsburski ul. Rwa\u0144ska 6<\/p>\n<p>[\/et_pb_text][\/et_pb_column][\/et_pb_row][et_pb_row _builder_version=&#8221;4.22.2&#8243; _module_preset=&#8221;default&#8221; width=&#8221;90%&#8221; max_width=&#8221;1400px&#8221; link_option_url=&#8221;#&#8221; border_color_all=&#8221;#000000&#8243; border_width_bottom=&#8221;2px&#8221; locked=&#8221;off&#8221; global_colors_info=&#8221;{}&#8221; transform_styles__hover_enabled=&#8221;on|desktop&#8221; transform_scale__hover=&#8221;98%|98%&#8221; transform_scale__hover_enabled=&#8221;on|desktop&#8221; transform_translate__hover_enabled=&#8221;on|desktop&#8221; transform_rotate__hover_enabled=&#8221;on|desktop&#8221; transform_skew__hover_enabled=&#8221;on|desktop&#8221; transform_origin__hover_enabled=&#8221;on|desktop&#8221;][et_pb_column type=&#8221;4_4&#8243; _builder_version=&#8221;4.20.0&#8243; _module_preset=&#8221;default&#8221; global_colors_info=&#8221;{}&#8221;][et_pb_blurb title=&#8221;Bastarda Trio&#8221; url_new_window=&#8221;on&#8221; image=&#8221;https:\/\/piotrkoff.com\/wp-content\/uploads\/2023\/10\/Bastarda-Trio.png&#8221; _builder_version=&#8221;4.22.2&#8243; _module_preset=&#8221;49c030ff-3a3d-4552-9b37-860712433e67&#8243; link_option_url=&#8221;https:\/\/bastardatrio.com\/&#8221; link_option_url_new_window=&#8221;on&#8221; locked=&#8221;off&#8221; global_colors_info=&#8221;{%22gcid-89ade5c1-8cb2-4026-a48f-a0b1f9f98f24%22:%91%22link_text_color%22,%22quote_border_color%22%93}&#8221; quote_font_size_tablet=&#8221;20px&#8221; quote_font_size_phone=&#8221;16px&#8221; quote_font_size_last_edited=&#8221;on|desktop&#8221;]<\/p>\n<p>Bastarda Trio zosta\u0142a powo\u0142ana do \u017cycia w 2017 roku przez Paw\u0142a Szamburskiego (klarnet), Tomasza Pokrzywi\u0144skiego (wiolonczela) oraz Micha\u0142a G\u00f3rczy\u0144skiego (klarnet kontrabasowy).<\/p>\n<p>Ten jedyny w swoim rodzaju zestaw instrument\u00f3w umo\u017cliwi\u0142 muzykom wykreowanie wyj\u0105tkowego brzmienia zespo\u0142u, kt\u00f3re sta\u0142o si\u0119 wyznacznikiem stylu i unikaln\u0105 cech\u0105 Bastardy.<br \/>W kr\u00f3tkim czasie Trio wykszta\u0142ci\u0142o w\u0142asny j\u0119zyk muzyczny, kt\u00f3ry sta\u0142 si\u0119 narz\u0119dziem do przetwarzania i komponowania nowej muzyki,<br \/>czerpi\u0105cej inspiracje z wielu intryguj\u0105cych \u017ar\u00f3de\u0142 &#8211; od \u015bredniowiecznej i renesansowej polifonii, poprzez XIX-wieczne chasydzkie Niguny, po muzyk\u0119 tradycyjn\u0105 z r\u00f3\u017cnych zak\u0105tk\u00f3w \u015bwiata (Portugalia, Polska, Litwa, Bia\u0142oru\u015b).<\/p>\n<p>Te zr\u00f3\u017cnicowane gatunki i teksty kultury staj\u0105 si\u0119 dla Bastardy jedynie puntem wyj\u015bcia do w\u0142asnych kompozycji i improwizacji, wczesnobarokowa metoda \u201calla bastarda\u201d zostaje u\u017cyta w ca\u0142kowicie nowym kontek\u015bcie. W ten spos\u00f3b muzyczne tradycje minionych epok p\u0142ynnie przekszta\u0142caj\u0105 si\u0119 w oryginaln\u0105, bardzo osobist\u0105 i na wskro\u015b wsp\u00f3\u0142czesn\u0105 wypowied\u017a artystyczn\u0105.<\/p>\n<p>[\/et_pb_blurb][et_pb_text _builder_version=&#8221;4.22.2&#8243; _module_preset=&#8221;d5cce6f9-fe8e-4740-9b22-387451c2e8e4&#8243; text_orientation=&#8221;right&#8221; custom_margin=&#8221;||0px||false|false&#8221; text_orientation_tablet=&#8221;left&#8221; text_orientation_phone=&#8221;left&#8221; text_orientation_last_edited=&#8221;on|tablet&#8221; global_colors_info=&#8221;{}&#8221;]<\/p>\n<h4>Pi\u0105tek &#8211; 27 Pa\u017adziernika 2023<\/h4>\n<h4>godz. 20:00<\/h4>\n<p>[\/et_pb_text][et_pb_text _builder_version=&#8221;4.22.2&#8243; _module_preset=&#8221;6732f69b-144b-4e92-822b-32593892afe4&#8243; text_orientation=&#8221;right&#8221; text_orientation_tablet=&#8221;left&#8221; text_orientation_phone=&#8221;left&#8221; text_orientation_last_edited=&#8221;on|tablet&#8221; global_colors_info=&#8221;{}&#8221;]<\/p>\n<p>Ko\u015bci\u00f3\u0142 Ewangelicko-Augsburski ul. Rwa\u0144ska 6<\/p>\n<p>[\/et_pb_text][\/et_pb_column][\/et_pb_row][et_pb_row _builder_version=&#8221;4.22.2&#8243; _module_preset=&#8221;default&#8221; width=&#8221;90%&#8221; max_width=&#8221;1400px&#8221; link_option_url=&#8221;#&#8221; hover_enabled=&#8221;0&#8243; border_color_all=&#8221;#000000&#8243; border_width_bottom=&#8221;2px&#8221; locked=&#8221;off&#8221; global_colors_info=&#8221;{}&#8221; transform_styles__hover_enabled=&#8221;on|desktop&#8221; transform_scale__hover=&#8221;98%|98%&#8221; transform_scale__hover_enabled=&#8221;on|desktop&#8221; transform_translate__hover_enabled=&#8221;on|desktop&#8221; transform_rotate__hover_enabled=&#8221;on|desktop&#8221; transform_skew__hover_enabled=&#8221;on|desktop&#8221; transform_origin__hover_enabled=&#8221;on|desktop&#8221; sticky_enabled=&#8221;0&#8243;][et_pb_column type=&#8221;4_4&#8243; _builder_version=&#8221;4.20.0&#8243; _module_preset=&#8221;default&#8221; global_colors_info=&#8221;{}&#8221;][et_pb_blurb title=&#8221;Paulina Adaszek i Daniel So\u0142tysiak&#8221; url_new_window=&#8221;on&#8221; image=&#8221;https:\/\/piotrkoff.com\/wp-content\/uploads\/2023\/10\/SOLTYSIAK_ADYSZK-scaled.jpg&#8221; _builder_version=&#8221;4.22.2&#8243; _module_preset=&#8221;49c030ff-3a3d-4552-9b37-860712433e67&#8243; link_option_url=&#8221;https:\/\/bastardatrio.com\/&#8221; link_option_url_new_window=&#8221;on&#8221; hover_enabled=&#8221;0&#8243; locked=&#8221;off&#8221; global_colors_info=&#8221;{%22gcid-89ade5c1-8cb2-4026-a48f-a0b1f9f98f24%22:%91%22link_text_color%22,%22quote_border_color%22%93}&#8221; quote_font_size_tablet=&#8221;20px&#8221; quote_font_size_phone=&#8221;16px&#8221; quote_font_size_last_edited=&#8221;on|desktop&#8221; title_text=&#8221;SO\u0141TYSIAK_ADYSZK&#8221; sticky_enabled=&#8221;0&#8243;][\/et_pb_blurb][et_pb_text _builder_version=&#8221;4.22.2&#8243; _module_preset=&#8221;d5cce6f9-fe8e-4740-9b22-387451c2e8e4&#8243; text_orientation=&#8221;right&#8221; custom_margin=&#8221;||0px||false|false&#8221; text_orientation_tablet=&#8221;left&#8221; text_orientation_phone=&#8221;left&#8221; text_orientation_last_edited=&#8221;on|tablet&#8221; global_colors_info=&#8221;{}&#8221;]<\/p>\n<h4>Pi\u0105tek &#8211; 27 Pa\u017adziernika 2023<\/h4>\n<h4>godz. 21:00<\/h4>\n<p>&nbsp;<\/p>\n<p>[\/et_pb_text][et_pb_text _builder_version=&#8221;4.22.2&#8243; _module_preset=&#8221;6732f69b-144b-4e92-822b-32593892afe4&#8243; text_orientation=&#8221;right&#8221; hover_enabled=&#8221;0&#8243; text_orientation_tablet=&#8221;left&#8221; text_orientation_phone=&#8221;left&#8221; text_orientation_last_edited=&#8221;on|tablet&#8221; global_colors_info=&#8221;{}&#8221; sticky_enabled=&#8221;0&#8243;]<\/p>\n<p>O\u015brodek Dzia\u0142a\u0144 Artystycznych ul. Sieradzka 8<\/p>\n<p>[\/et_pb_text][\/et_pb_column][\/et_pb_row][et_pb_row _builder_version=&#8221;4.22.2&#8243; _module_preset=&#8221;default&#8221; width=&#8221;90%&#8221; max_width=&#8221;1400px&#8221; link_option_url=&#8221;#&#8221; hover_enabled=&#8221;0&#8243; border_color_all=&#8221;#000000&#8243; border_width_bottom=&#8221;2px&#8221; locked=&#8221;off&#8221; global_colors_info=&#8221;{}&#8221; transform_styles__hover_enabled=&#8221;on|hover&#8221; transform_scale__hover=&#8221;98%|98%&#8221; transform_scale__hover_enabled=&#8221;on|hover&#8221; transform_translate__hover_enabled=&#8221;on|desktop&#8221; transform_rotate__hover_enabled=&#8221;on|desktop&#8221; transform_skew__hover_enabled=&#8221;on|desktop&#8221; transform_origin__hover_enabled=&#8221;on|desktop&#8221; sticky_enabled=&#8221;0&#8243;][et_pb_column type=&#8221;4_4&#8243; _builder_version=&#8221;4.20.0&#8243; _module_preset=&#8221;default&#8221; global_colors_info=&#8221;{}&#8221;][et_pb_blurb title=&#8221;Herida&#8221; image=&#8221;https:\/\/piotrkoff.com\/wp-content\/uploads\/2023\/10\/HERIDA.jpg&#8221; _builder_version=&#8221;4.22.2&#8243; _module_preset=&#8221;49c030ff-3a3d-4552-9b37-860712433e67&#8243; link_option_url=&#8221;https:\/\/soundcloud.com\/fastenseatbelts&#8221; link_option_url_new_window=&#8221;on&#8221; locked=&#8221;off&#8221; global_colors_info=&#8221;{%22gcid-89ade5c1-8cb2-4026-a48f-a0b1f9f98f24%22:%91%22link_text_color%22,%22quote_border_color%22%93}&#8221; quote_font_size_tablet=&#8221;20px&#8221; quote_font_size_phone=&#8221;16px&#8221; quote_font_size_last_edited=&#8221;on|desktop&#8221;]<\/p>\n<p>Herida, to artystka obecna na muzycznej scenie \u015al\u0105ska, lecz Piotrk\u00f3w, miasto jej korzeni, zajmuje szczeg\u00f3lne miejsce w jej sercu.<\/p>\n<p>Pasja do eksplorowania r\u00f3\u017cnych odmian d\u017awi\u0119k\u00f3w sk\u0142oni\u0142a j\u0105 do przej\u015bcia przez bram\u0119 konsoli. Jak odkrywca niezbadanych l\u0105d\u00f3w, unika utkni\u0119cia w jednym nurcie, a jej muzyczne opowie\u015bci rozkwitaj\u0105 na skrzy\u017cowaniach ghetto, techno i trance.<\/p>\n<p>Podr\u00f3\u017c w czasie do oldschoolowych lat dziewi\u0119\u0107dziesi\u0105tych stanowi \u017ar\u00f3d\u0142o g\u0142\u00f3wnych impuls\u00f3w, kt\u00f3re nap\u0119dzaj\u0105 jej kreatywno\u015b\u0107 i buduj\u0105 atmosfer\u0119 set\u00f3w. W zale\u017cno\u015bci od nastroju i charakteru imprezy tworzy swe muzyczne opowie\u015bci, kt\u00f3rych misj\u0105 jest przeniesienie s\u0142uchacza w stan odczuwania dobrostanu.<\/p>\n<p>[\/et_pb_blurb][et_pb_text _builder_version=&#8221;4.20.0&#8243; _module_preset=&#8221;d5cce6f9-fe8e-4740-9b22-387451c2e8e4&#8243; text_orientation=&#8221;right&#8221; custom_margin=&#8221;||0px||false|false&#8221; text_orientation_tablet=&#8221;left&#8221; text_orientation_phone=&#8221;left&#8221; text_orientation_last_edited=&#8221;on|tablet&#8221; global_colors_info=&#8221;{}&#8221;]<\/p>\n<h4>Pi\u0105tek &#8211; 27 Pa\u017adziernika 2023<\/h4>\n<h4>godz. 21:30<\/h4>\n<p>[\/et_pb_text][et_pb_text _builder_version=&#8221;4.22.2&#8243; _module_preset=&#8221;6732f69b-144b-4e92-822b-32593892afe4&#8243; text_orientation=&#8221;right&#8221; text_orientation_tablet=&#8221;left&#8221; text_orientation_phone=&#8221;left&#8221; text_orientation_last_edited=&#8221;on|tablet&#8221; global_colors_info=&#8221;{}&#8221;]<\/p>\n<p>PUB SKYY ul. Rycerska 8<\/p>\n<p>[\/et_pb_text][\/et_pb_column][\/et_pb_row][et_pb_row _builder_version=&#8221;4.22.2&#8243; _module_preset=&#8221;default&#8221; width=&#8221;90%&#8221; max_width=&#8221;1400px&#8221; link_option_url=&#8221;#&#8221; border_color_all=&#8221;#000000&#8243; border_width_bottom=&#8221;2px&#8221; locked=&#8221;off&#8221; global_colors_info=&#8221;{}&#8221; transform_styles__hover_enabled=&#8221;on|hover&#8221; transform_scale__hover=&#8221;98%|98%&#8221; transform_scale__hover_enabled=&#8221;on|hover&#8221; transform_translate__hover_enabled=&#8221;on|desktop&#8221; transform_rotate__hover_enabled=&#8221;on|desktop&#8221; transform_skew__hover_enabled=&#8221;on|desktop&#8221; transform_origin__hover_enabled=&#8221;on|desktop&#8221;][et_pb_column type=&#8221;4_4&#8243; _builder_version=&#8221;4.20.0&#8243; _module_preset=&#8221;default&#8221; global_colors_info=&#8221;{}&#8221;][et_pb_blurb title=&#8221;Luksja Sound&#8221; image=&#8221;https:\/\/piotrkoff.com\/wp-content\/uploads\/2023\/10\/LUKSJA-SOUND-scaled.jpg&#8221; _builder_version=&#8221;4.22.2&#8243; _module_preset=&#8221;49c030ff-3a3d-4552-9b37-860712433e67&#8243; link_option_url=&#8221;https:\/\/soundcloud.com\/luksjasound&#8221; link_option_url_new_window=&#8221;on&#8221; hover_enabled=&#8221;0&#8243; locked=&#8221;off&#8221; global_colors_info=&#8221;{%22gcid-89ade5c1-8cb2-4026-a48f-a0b1f9f98f24%22:%91%22link_text_color%22,%22quote_border_color%22%93}&#8221; quote_font_size_tablet=&#8221;20px&#8221; quote_font_size_phone=&#8221;16px&#8221; quote_font_size_last_edited=&#8221;on|desktop&#8221; sticky_enabled=&#8221;0&#8243;]<\/p>\n<p><span>Luksja Sound to ptb-born, wwa-based DJ duo. Mi\u0142o\u015bnicy po\u0142amanych bas\u00f3w, kwa\u015bnych edit\u00f3w i soczystych drop\u00f3w. <\/span><\/p>\n<p><span>Graj\u0105 r\u00f3\u017cnorodnie, mieszaj\u0105c style i podkr\u0119caj\u0105c tempo, tworz\u0105c w\u0142asne taneczne uniwersum. <\/span><\/p>\n<p><span>Piotrkoffowi rezydenci i wsp\u00f3\u0142ogarniacze, organizatorzy nieregularnego cyklu imprez Rozruch, zaanga\u017cowani w tworzenie Radia Kapita\u0142 w pierwszych latach jego istnienia. <\/span><\/p>\n<p><span>Je\u015bli nie potrafisz ich znie\u015b\u0107 kiedy graj\u0105 szybko, to cholernie pewnie, \u017ce nie zas\u0142ugujesz na nich kiedy graj\u0105 jeszcze szybciej.<\/span><\/p>\n<p>[\/et_pb_blurb][et_pb_text _builder_version=&#8221;4.20.0&#8243; _module_preset=&#8221;d5cce6f9-fe8e-4740-9b22-387451c2e8e4&#8243; text_orientation=&#8221;right&#8221; custom_margin=&#8221;||0px||false|false&#8221; text_orientation_tablet=&#8221;left&#8221; text_orientation_phone=&#8221;left&#8221; text_orientation_last_edited=&#8221;on|tablet&#8221; global_colors_info=&#8221;{}&#8221;]<\/p>\n<h4>Pi\u0105tek &#8211; 27 Pa\u017adziernika 2023<\/h4>\n<h4>godz. 21:30<\/h4>\n<p>[\/et_pb_text][et_pb_text _builder_version=&#8221;4.22.2&#8243; _module_preset=&#8221;6732f69b-144b-4e92-822b-32593892afe4&#8243; text_orientation=&#8221;right&#8221; text_orientation_tablet=&#8221;left&#8221; text_orientation_phone=&#8221;left&#8221; text_orientation_last_edited=&#8221;on|tablet&#8221; global_colors_info=&#8221;{}&#8221;]<\/p>\n<p>PUB SKYY ul. Rycerska 8<\/p>\n<p>[\/et_pb_text][\/et_pb_column][\/et_pb_row][et_pb_row _builder_version=&#8221;4.22.2&#8243; _module_preset=&#8221;default&#8221; width=&#8221;90%&#8221; max_width=&#8221;1400px&#8221; link_option_url=&#8221;#&#8221; border_color_all=&#8221;#000000&#8243; border_width_bottom=&#8221;2px&#8221; locked=&#8221;off&#8221; global_colors_info=&#8221;{}&#8221; transform_styles__hover_enabled=&#8221;on|hover&#8221; transform_scale__hover=&#8221;98%|98%&#8221; transform_scale__hover_enabled=&#8221;on|hover&#8221; transform_translate__hover_enabled=&#8221;on|desktop&#8221; transform_rotate__hover_enabled=&#8221;on|desktop&#8221; transform_skew__hover_enabled=&#8221;on|desktop&#8221; transform_origin__hover_enabled=&#8221;on|desktop&#8221;][et_pb_column type=&#8221;4_4&#8243; _builder_version=&#8221;4.20.0&#8243; _module_preset=&#8221;default&#8221; global_colors_info=&#8221;{}&#8221;][et_pb_blurb title=&#8221;valmax&#8221; image=&#8221;https:\/\/piotrkoff.com\/wp-content\/uploads\/2023\/10\/valmax.jpg&#8221; _builder_version=&#8221;4.22.2&#8243; _module_preset=&#8221;49c030ff-3a3d-4552-9b37-860712433e67&#8243; link_option_url=&#8221;https:\/\/soundcloud.com\/luksjasound&#8221; link_option_url_new_window=&#8221;on&#8221; hover_enabled=&#8221;0&#8243; locked=&#8221;off&#8221; global_colors_info=&#8221;{%22gcid-89ade5c1-8cb2-4026-a48f-a0b1f9f98f24%22:%91%22link_text_color%22,%22quote_border_color%22%93}&#8221; quote_font_size_tablet=&#8221;20px&#8221; quote_font_size_phone=&#8221;16px&#8221; quote_font_size_last_edited=&#8221;on|desktop&#8221; sticky_enabled=&#8221;0&#8243; title_text=&#8221;valmax&#8221;]<\/p>\n<p><span style=\"font-weight: 400;\">Producent, DJ, kompozytor i wokalista. <\/span><\/p>\n<p><span style=\"font-weight: 400;\">Cho\u0107 produkcyjnie skupia si\u0119 na hiphouse\u2019owych brzmieniach, w swoich setach stawia na eklektyzm. <\/span><span style=\"font-weight: 400;\">Skupia si\u0119 g\u0142\u00f3wnie na nietypowych rytmach, co sprawia, \u017ce gatunki takie jak UK bass, UK funky, dembow, soca, kuduro czy cumbia mieszaj\u0105 si\u0119 na jego imprezach, tworz\u0105c g\u0119sty od basu i perkusji kola\u017c.<\/span><\/p>\n<p>[\/et_pb_blurb][et_pb_text _builder_version=&#8221;4.20.0&#8243; _module_preset=&#8221;d5cce6f9-fe8e-4740-9b22-387451c2e8e4&#8243; text_orientation=&#8221;right&#8221; custom_margin=&#8221;||0px||false|false&#8221; text_orientation_tablet=&#8221;left&#8221; text_orientation_phone=&#8221;left&#8221; text_orientation_last_edited=&#8221;on|tablet&#8221; global_colors_info=&#8221;{}&#8221;]<\/p>\n<h4>Pi\u0105tek &#8211; 27 Pa\u017adziernika 2023<\/h4>\n<h4>godz. 21:30<\/h4>\n<p>[\/et_pb_text][et_pb_text _builder_version=&#8221;4.22.2&#8243; _module_preset=&#8221;6732f69b-144b-4e92-822b-32593892afe4&#8243; text_orientation=&#8221;right&#8221; text_orientation_tablet=&#8221;left&#8221; text_orientation_phone=&#8221;left&#8221; text_orientation_last_edited=&#8221;on|tablet&#8221; global_colors_info=&#8221;{}&#8221;]<\/p>\n<p>PUB SKYY ul. Rycerska 8<\/p>\n<p>[\/et_pb_text][\/et_pb_column][\/et_pb_row][et_pb_row _builder_version=&#8221;4.22.2&#8243; _module_preset=&#8221;default&#8221; width=&#8221;90%&#8221; max_width=&#8221;1400px&#8221; link_option_url=&#8221;https:\/\/czeresnie.bandcamp.com\/&#8221; link_option_url_new_window=&#8221;on&#8221; border_color_all=&#8221;#000000&#8243; border_width_bottom=&#8221;2px&#8221; locked=&#8221;off&#8221; global_colors_info=&#8221;{}&#8221; transform_styles__hover_enabled=&#8221;on|hover&#8221; transform_scale__hover=&#8221;98%|98%&#8221; transform_scale__hover_enabled=&#8221;on|hover&#8221; transform_translate__hover_enabled=&#8221;on|desktop&#8221; transform_rotate__hover_enabled=&#8221;on|desktop&#8221; transform_skew__hover_enabled=&#8221;on|desktop&#8221; transform_origin__hover_enabled=&#8221;on|desktop&#8221;][et_pb_column type=&#8221;4_4&#8243; _builder_version=&#8221;4.20.0&#8243; _module_preset=&#8221;default&#8221; global_colors_info=&#8221;{}&#8221;][et_pb_blurb title=&#8221;Czere\u015bnie&#8221; image=&#8221;https:\/\/piotrkoff.com\/wp-content\/uploads\/2023\/10\/Czeresnie_Pawel_Liber-scaled.jpeg&#8221; _builder_version=&#8221;4.22.2&#8243; _module_preset=&#8221;49c030ff-3a3d-4552-9b37-860712433e67&#8243; link_option_url=&#8221;https:\/\/czeresnie.bandcamp.com\/&#8221; link_option_url_new_window=&#8221;on&#8221; locked=&#8221;off&#8221; global_colors_info=&#8221;{%22gcid-89ade5c1-8cb2-4026-a48f-a0b1f9f98f24%22:%91%22link_text_color%22,%22quote_border_color%22%93}&#8221; quote_font_size_tablet=&#8221;20px&#8221; quote_font_size_phone=&#8221;16px&#8221; quote_font_size_last_edited=&#8221;on|desktop&#8221;][\/et_pb_blurb][et_pb_text _builder_version=&#8221;4.22.2&#8243; _module_preset=&#8221;d5cce6f9-fe8e-4740-9b22-387451c2e8e4&#8243; text_orientation=&#8221;right&#8221; custom_margin=&#8221;||0px||false|false&#8221; text_orientation_tablet=&#8221;left&#8221; text_orientation_phone=&#8221;left&#8221; text_orientation_last_edited=&#8221;on|tablet&#8221; global_colors_info=&#8221;{}&#8221;]<\/p>\n<h4>Sobota &#8211; 28 Pa\u017adziernika 2023<\/h4>\n<h4>godz. 16:30<\/h4>\n<p>[\/et_pb_text][et_pb_text _builder_version=&#8221;4.22.2&#8243; _module_preset=&#8221;6732f69b-144b-4e92-822b-32593892afe4&#8243; text_orientation=&#8221;right&#8221; text_orientation_tablet=&#8221;left&#8221; text_orientation_phone=&#8221;left&#8221; text_orientation_last_edited=&#8221;on|tablet&#8221; global_colors_info=&#8221;{}&#8221;]<\/p>\n<p>Mediateka 800-lecia ul. M. Sk\u0142odowskiej-Curie 3<\/p>\n<p>[\/et_pb_text][\/et_pb_column][\/et_pb_row][et_pb_row _builder_version=&#8221;4.22.2&#8243; _module_preset=&#8221;default&#8221; width=&#8221;90%&#8221; max_width=&#8221;1400px&#8221; link_option_url=&#8221;#&#8221; border_color_all=&#8221;#000000&#8243; border_width_bottom=&#8221;2px&#8221; locked=&#8221;off&#8221; global_colors_info=&#8221;{}&#8221; transform_styles__hover_enabled=&#8221;on|hover&#8221; transform_scale__hover=&#8221;98%|98%&#8221; transform_scale__hover_enabled=&#8221;on|hover&#8221; transform_translate__hover_enabled=&#8221;on|desktop&#8221; transform_rotate__hover_enabled=&#8221;on|desktop&#8221; transform_skew__hover_enabled=&#8221;on|desktop&#8221; transform_origin__hover_enabled=&#8221;on|desktop&#8221;][et_pb_column type=&#8221;4_4&#8243; _builder_version=&#8221;4.20.0&#8243; _module_preset=&#8221;default&#8221; global_colors_info=&#8221;{}&#8221;][et_pb_blurb title=&#8221;Kr\u00f3l\u00f3wczana Smuga&#8221; image=&#8221;https:\/\/piotrkoff.com\/wp-content\/uploads\/2023\/10\/Krolowczana-Smuga.png&#8221; _builder_version=&#8221;4.22.2&#8243; _module_preset=&#8221;49c030ff-3a3d-4552-9b37-860712433e67&#8243; link_option_url=&#8221;https:\/\/krolowczanasmuga.bandcamp.com\/&#8221; link_option_url_new_window=&#8221;on&#8221; locked=&#8221;off&#8221; global_colors_info=&#8221;{%22gcid-89ade5c1-8cb2-4026-a48f-a0b1f9f98f24%22:%91%22link_text_color%22,%22quote_border_color%22%93}&#8221; quote_font_size_tablet=&#8221;20px&#8221; quote_font_size_phone=&#8221;16px&#8221; quote_font_size_last_edited=&#8221;on|desktop&#8221;]<\/p>\n<p>Muzyczna narracja Kr\u00f3l\u00f3wczanej Smugi prowadzona jest przez zdeformowane d\u017awi\u0119ki gitary, przypominaj\u0105ce stare, zakurzone i zaniedbane instrumenty, znalezione na strychu pradziada lub odkopane z ukrytej, le\u015bnej mogi\u0142y. Pojawia si\u0119 te\u017c g\u0142os, daleki od &#8222;bia\u0142ego \u015bpiewu&#8221;, zbli\u017cony raczej do skrzeczenia sponiewieranego w\u0142\u00f3cz\u0119gi, kt\u00f3rego gard\u0142o wiele trunk\u00f3w w \u017cyciu przyswoi\u0142o.<\/p>\n<p>Przywr\u00f3cenie pami\u0119ci przemilczanej, niewygodnej, utraconej, czy po prostu wypartej &#8211; a wci\u0105\u017c nierozerwalnie bliskiej kulturze<br \/>Bi\u0142goraja staje si\u0119 motywem przewodnim dzia\u0142alno\u015bci Kr\u00f3l\u00f3wczanej Smugi. Lecz nie jest to etnocentryzm. Bi\u0142goraj mo\u017ce by\u0107jedynie punktem odniesienia i wyj\u015bcia &#8211; zach\u0119ceniem do rozpocz\u0119cia poszukiwa\u0144 &#8222;zaginionych prawd&#8221; w swoich lokalnych matczyznach \/ ojczyznach. Kr\u00f3l\u00f3wczana Smuga nie tylko poddaje dog\u0142\u0119bnej refleksji losy swej rodzinnej miejscowo\u015bci, ale ujawnia te\u017c, jak trudna zdaje si\u0119 by\u0107 relacja przesz\u0142o\u015bci ze wsp\u00f3\u0142czesno\u015bci\u0105 rodzimego kraju, tym samym krytykuj\u0105c powszechnie propagowan\u0105 polityk\u0119 historyczn\u0105.<br \/>&#8222;Patriotyczno-sportowo-etniczny&#8221; str\u00f3j, zaprojektowany przez Kr\u00f3l\u00f3wczan\u0105 Smug\u0119, wzorowany na tradycyjnym, kobiecym stroju bi\u0142gorajsko-tarnogrodzkim, stanowi karykaturalne odzwierciedlenie wsp\u00f3\u0142czesnego quasi-patriotyzmu i etnocentrymu \u2013 w formie skrajniej przypominaj\u0105cych rodzaj fetyszu. Kobiecy wyd\u017awi\u0119k kreacji ma dodatkowo rozbi\u0107 hegemoni\u0119 stereotypu o facecie-patriocie, jako jedynej, s\u0142usznej formie mi\u0142owania swojej macierzy.<\/p>\n<p>To r\u00f3wnie\u017c krytyka samego folkloru, od wielu lat prze\u017cywaj\u0105cego popkulturowy renesans, jednocze\u015bnie wykorzystywanego jako narz\u0119dzie do budowania niepe\u0142nego, przez to iluzorycznego archetypu to\u017csamo\u015bci Polak\u00f3w &#8211; pi\u0119knych, kolorowych, dobrodusznych S\u0142owian. Dla Smugi folk nie jest eksponatem muzealnym czy odrestaurowanym skansenem \u2013 folk dzieje si\u0119 tu i teraz!<\/p>\n<p>[\/et_pb_blurb][et_pb_text _builder_version=&#8221;4.20.0&#8243; _module_preset=&#8221;d5cce6f9-fe8e-4740-9b22-387451c2e8e4&#8243; text_orientation=&#8221;right&#8221; custom_margin=&#8221;||0px||false|false&#8221; text_orientation_tablet=&#8221;left&#8221; text_orientation_phone=&#8221;left&#8221; text_orientation_last_edited=&#8221;on|tablet&#8221; global_colors_info=&#8221;{}&#8221;]<\/p>\n<h4>Sobota &#8211; 28 Pa\u017adziernika 2023<\/h4>\n<h4>godz. 18:00<\/h4>\n<p>[\/et_pb_text][et_pb_text _builder_version=&#8221;4.22.2&#8243; _module_preset=&#8221;6732f69b-144b-4e92-822b-32593892afe4&#8243; text_orientation=&#8221;right&#8221; text_orientation_tablet=&#8221;left&#8221; text_orientation_phone=&#8221;left&#8221; text_orientation_last_edited=&#8221;on|tablet&#8221; global_colors_info=&#8221;{}&#8221;]<\/p>\n<p>Aula I Liceum Og\u00f3lnokszta\u0142c\u0105cego im Boles\u0142awa Chrobrego al. M. Kopernika 6<\/p>\n<p>[\/et_pb_text][\/et_pb_column][\/et_pb_row][et_pb_row _builder_version=&#8221;4.22.2&#8243; _module_preset=&#8221;default&#8221; width=&#8221;90%&#8221; max_width=&#8221;1400px&#8221; link_option_url=&#8221;#&#8221; border_color_all=&#8221;#000000&#8243; border_width_bottom=&#8221;2px&#8221; locked=&#8221;off&#8221; global_colors_info=&#8221;{}&#8221; transform_styles__hover_enabled=&#8221;on|hover&#8221; transform_scale__hover=&#8221;98%|98%&#8221; transform_scale__hover_enabled=&#8221;on|hover&#8221; transform_translate__hover_enabled=&#8221;on|desktop&#8221; transform_rotate__hover_enabled=&#8221;on|desktop&#8221; transform_skew__hover_enabled=&#8221;on|desktop&#8221; transform_origin__hover_enabled=&#8221;on|desktop&#8221;][et_pb_column type=&#8221;4_4&#8243; _builder_version=&#8221;4.20.0&#8243; _module_preset=&#8221;default&#8221; global_colors_info=&#8221;{}&#8221;][et_pb_blurb title=&#8221;BNNT&#8221; image=&#8221;https:\/\/piotrkoff.com\/wp-content\/uploads\/2023\/10\/BNNT.png&#8221; _builder_version=&#8221;4.22.2&#8243; _module_preset=&#8221;49c030ff-3a3d-4552-9b37-860712433e67&#8243; link_option_url=&#8221;http:\/\/www.bnnt.pl\/?fbclid=IwAR3vz4G6RlSOe29kKH4GTWncKAdmYdFe3CV1zhWVl7-bcWfF-v_ekkQi2e4&#8243; link_option_url_new_window=&#8221;on&#8221; locked=&#8221;off&#8221; global_colors_info=&#8221;{%22gcid-89ade5c1-8cb2-4026-a48f-a0b1f9f98f24%22:%91%22link_text_color%22,%22quote_border_color%22%93}&#8221; quote_font_size_tablet=&#8221;20px&#8221; quote_font_size_phone=&#8221;16px&#8221; quote_font_size_last_edited=&#8221;on|desktop&#8221;]<\/p>\n<p>BNNT funkcjonuje od 2008 roku i nie jest wy\u0142\u0105cznie tworem muzycznym. Dzia\u0142alno\u015b\u0107 sceniczna i studyjna formacji przeplata si\u0119 z wydawniczo-projektow\u0105 praktyk\u0105 Daniela Szweda, jak r\u00f3wnie\u017c silnie zaz\u0119bia z tw\u00f3rczo\u015bci\u0105 Konrada Smole\u0144skiego na polu sztuk wizualnych. Dzi\u0119ki temu aktywno\u015b\u0107 BNNT przybiera r\u00f3\u017cne formy: od zin\u00f3w po instalacje artystyczne czy film.<\/p>\n<p>To zawieszenie mi\u0119dzy r\u00f3\u017cnymi formami wypowiedzi wydaje si\u0119 by\u0107 jedn\u0105 z podstawowych strategii tw\u00f3rc\u00f3w, kt\u00f3rzy konsekwentnie staraj\u0105 si\u0119 rozmywa\u0107 obraz faktycznego sk\u0142adu projektu, zapraszaj\u0105c do udzia\u0142u w koncertach i nagrywaniu p\u0142yt innych artyst\u00f3w (m.in. Matsa Gustafssona).<\/p>\n<p>Sceniczne u\u017cycie maski ma marginalizowa\u0107 to\u017csamo\u015bci tw\u00f3rc\u00f3w. Podobny efekt przynios\u0142o zarejestrowanie kolejnych wersji p\u0142yty &#8222;Multiverse&#8221; przez innych autor\u00f3w, zacieraj\u0105ce granice mi\u0119dzy BNNT a ich reinterpretatorami. Swoj\u0105 drog\u0105 &#8211; dwie z sze\u015bciu wersji nagrali arty\u015bci, kt\u00f3rych mieli\u015bmy przyjemno\u015b\u0107 go\u015bci\u0107 podczas poprzednich edycji. Mowa o BNNT is Resina i BNNT is Piernikowski.<\/p>\n<p>[\/et_pb_blurb][et_pb_text _builder_version=&#8221;4.20.0&#8243; _module_preset=&#8221;d5cce6f9-fe8e-4740-9b22-387451c2e8e4&#8243; text_orientation=&#8221;right&#8221; custom_margin=&#8221;||0px||false|false&#8221; text_orientation_tablet=&#8221;left&#8221; text_orientation_phone=&#8221;left&#8221; text_orientation_last_edited=&#8221;on|tablet&#8221; global_colors_info=&#8221;{}&#8221;]<\/p>\n<h4>Sobota &#8211; 28 Pa\u017adziernika 2023<\/h4>\n<h4>godz. 19:00<\/h4>\n<p>[\/et_pb_text][et_pb_text _builder_version=&#8221;4.22.2&#8243; _module_preset=&#8221;6732f69b-144b-4e92-822b-32593892afe4&#8243; text_orientation=&#8221;right&#8221; text_orientation_tablet=&#8221;left&#8221; text_orientation_phone=&#8221;left&#8221; text_orientation_last_edited=&#8221;on|tablet&#8221; global_colors_info=&#8221;{}&#8221;]<\/p>\n<p>Aula I Liceum Og\u00f3lnokszta\u0142c\u0105cego im. Boles\u0142awa Chrobrego al M. Kopernika 6<\/p>\n<p>[\/et_pb_text][\/et_pb_column][\/et_pb_row][et_pb_row _builder_version=&#8221;4.22.2&#8243; _module_preset=&#8221;default&#8221; width=&#8221;90%&#8221; max_width=&#8221;1400px&#8221; link_option_url=&#8221;#&#8221; border_color_all=&#8221;#000000&#8243; border_width_bottom=&#8221;2px&#8221; locked=&#8221;off&#8221; global_colors_info=&#8221;{}&#8221; transform_styles__hover_enabled=&#8221;on|hover&#8221; transform_scale__hover=&#8221;98%|98%&#8221; transform_scale__hover_enabled=&#8221;on|hover&#8221; transform_translate__hover_enabled=&#8221;on|desktop&#8221; transform_rotate__hover_enabled=&#8221;on|desktop&#8221; transform_skew__hover_enabled=&#8221;on|desktop&#8221; transform_origin__hover_enabled=&#8221;on|desktop&#8221;][et_pb_column type=&#8221;4_4&#8243; _builder_version=&#8221;4.20.0&#8243; _module_preset=&#8221;default&#8221; global_colors_info=&#8221;{}&#8221;][et_pb_blurb title=&#8221;Rosa Vertov&#8221; image=&#8221;https:\/\/piotrkoff.com\/wp-content\/uploads\/2023\/10\/Rosa-Vertov.png&#8221; _builder_version=&#8221;4.22.2&#8243; _module_preset=&#8221;49c030ff-3a3d-4552-9b37-860712433e67&#8243; link_option_url=&#8221;https:\/\/rosavertov.bandcamp.com\/album\/reflected-in&#8221; link_option_url_new_window=&#8221;on&#8221; locked=&#8221;off&#8221; global_colors_info=&#8221;{%22gcid-89ade5c1-8cb2-4026-a48f-a0b1f9f98f24%22:%91%22link_text_color%22,%22quote_border_color%22%93}&#8221; quote_font_size_tablet=&#8221;20px&#8221; quote_font_size_phone=&#8221;16px&#8221; quote_font_size_last_edited=&#8221;on|desktop&#8221;]<\/p>\n<p>Przesterowana gitara zanurzona w pog\u0142osie, d\u017awi\u0119czny, wibruj\u0105cy bas, transowa perkusja z wyrazistym floor tomem, widmowe organy i eteryczne wokale. Dysonuj\u0105ce i niespokojne kompozycje w atmosferze melancholii, kt\u00f3ra przeniesie nas w odrealniony \u015bwiat &#8211; tak zapowiada si\u0119 spotkanie z Juli\u0105, Kasi\u0105 i Zosi\u0105 na tegorocznym PiotrkOFFie.<\/p>\n<p>Warszawski zesp\u00f3\u0142 Rosa Vertov gra od 2015 roku, a autorski materia\u0142 artystek wraz z kolejnymi koncertami i wydawnictwami nabiera coraz bardziej niepokoj\u0105cego charakteru. Cho\u0107 graj\u0105 w do\u015b\u0107 klasycznym sk\u0142adzie instrumentalnym, to jednak ich utwory prze\u0142amywane s\u0105 poprzez oryginalne podej\u015bcie do formy, dynamiki i pr\u0119dko\u015bci. Muzyka zespo\u0142u jest zaproszeniem do wej\u015bcia w ich w\u0142asn\u0105,<br \/>oniryczn\u0105 nie-rzeczywisto\u015b\u0107.<\/p>\n<p>[\/et_pb_blurb][et_pb_text _builder_version=&#8221;4.22.2&#8243; _module_preset=&#8221;d5cce6f9-fe8e-4740-9b22-387451c2e8e4&#8243; text_orientation=&#8221;right&#8221; custom_margin=&#8221;||0px||false|false&#8221; text_orientation_tablet=&#8221;left&#8221; text_orientation_phone=&#8221;left&#8221; text_orientation_last_edited=&#8221;on|tablet&#8221; global_colors_info=&#8221;{}&#8221;]<\/p>\n<h4>Sobota &#8211; 28 Pa\u017adziernika 2023<\/h4>\n<h4>godz. 21:00<\/h4>\n<p>[\/et_pb_text][et_pb_text _builder_version=&#8221;4.22.2&#8243; _module_preset=&#8221;6732f69b-144b-4e92-822b-32593892afe4&#8243; text_orientation=&#8221;right&#8221; text_orientation_tablet=&#8221;left&#8221; text_orientation_phone=&#8221;left&#8221; text_orientation_last_edited=&#8221;on|tablet&#8221; global_colors_info=&#8221;{}&#8221;]<\/p>\n<p>Pub \u00d3semka ul. S\u0142owackiego 149<\/p>\n<p>[\/et_pb_text][\/et_pb_column][\/et_pb_row][et_pb_row _builder_version=&#8221;4.22.2&#8243; _module_preset=&#8221;default&#8221; width=&#8221;90%&#8221; max_width=&#8221;1400px&#8221; link_option_url=&#8221;#&#8221; border_color_all=&#8221;#000000&#8243; border_width_bottom=&#8221;2px&#8221; locked=&#8221;off&#8221; global_colors_info=&#8221;{}&#8221; transform_styles__hover_enabled=&#8221;on|hover&#8221; transform_scale__hover=&#8221;98%|98%&#8221; transform_scale__hover_enabled=&#8221;on|hover&#8221; transform_translate__hover_enabled=&#8221;on|desktop&#8221; transform_rotate__hover_enabled=&#8221;on|desktop&#8221; transform_skew__hover_enabled=&#8221;on|desktop&#8221; transform_origin__hover_enabled=&#8221;on|desktop&#8221;][et_pb_column type=&#8221;4_4&#8243; _builder_version=&#8221;4.20.0&#8243; _module_preset=&#8221;default&#8221; global_colors_info=&#8221;{}&#8221;][et_pb_blurb title=&#8221;Wie\u017ce Fabryk&#8221; image=&#8221;https:\/\/piotrkoff.com\/wp-content\/uploads\/2023\/10\/Wieze-Fabryk.png&#8221; _builder_version=&#8221;4.22.2&#8243; _module_preset=&#8221;49c030ff-3a3d-4552-9b37-860712433e67&#8243; link_option_url=&#8221;http:\/\/wiezefabryk.net\/&#8221; link_option_url_new_window=&#8221;on&#8221; locked=&#8221;off&#8221; global_colors_info=&#8221;{%22gcid-89ade5c1-8cb2-4026-a48f-a0b1f9f98f24%22:%91%22link_text_color%22,%22quote_border_color%22%93}&#8221; quote_font_size_tablet=&#8221;20px&#8221; quote_font_size_phone=&#8221;16px&#8221; quote_font_size_last_edited=&#8221;on|desktop&#8221;]<\/p>\n<p>Wie\u017ce Fabryk powsta\u0142y w \u0141odzi w roku 2000 w sk\u0142adzie: Adam Studzi\u0144ski &#8211; gitara, Krzysztof Trzewikowski &#8211; perkusja, Czarek Wielesik &#8211;<br \/>bas, Tomasz Kaczkowski &#8211; wokal. Rok p\u00f3\u017aniej zesp\u00f3\u0142 zarejestrowa\u0142 materia\u0142 demo i zacz\u0105\u0142 koncertowa\u0107 poza rodzinnym miastem. W ci\u0105gu<br \/>kolejnych lat \u0142odzianie zyskali sobie renom\u0119 czo\u0142owego reprezentanta nowej generacji cold wave \/ postpunka za spraw\u0105 zimnej, motorycznej<br \/>muzyki i tekst\u00f3w o wyj\u0105tkowej, rozpoznawalnej poetyce.<br \/>Ich p\u0142yty dokumentuj\u0105 rozw\u00f3j grupy, ale te\u017c konsekwencj\u0119 i wierno\u015b\u0107 obranej stylistyce. W 2010 roku formacja zadebiutowa\u0142a<br \/>pe\u0142nowymiarowym albumem studyjnym, \u201eDym\u201d, a trzy lata p\u00f3\u017aniej ukaza\u0142 si\u0119 jego nast\u0119pca &#8211; \u201eCel i \u015bwiat\u0142o\u201d. Wiosn\u0105 tego roku \u0142\u00f3dzki sk\u0142ad<br \/>zaskoczy\u0142 p\u0142ytowym powrotem zatytu\u0142owanym &#8222;Doskona\u0142y \u015bwiat&#8221;, kt\u00f3ry zbiera pozytywne recenzje.<br \/>Dyskografi\u0119 zespo\u0142u uzupe\u0142niaj\u0105: trzy p\u00f3\u0142oficjalne wydawnictwa koncertowe (\u201eKopalnia 2001\u201d, \u201eKoncert Aurora 2007\u201d, \u201eLive From<br \/>Outside Fest 2017\u201d), split z Tanzkommando Untergang oraz kompilacja nagra\u0144 koncertowych pt. \u201e20\u201d, wydana na dwudziestolecie<br \/>dzia\u0142alno\u015bci Wie\u017c. Kilka miesi\u0119cy temu, za spraw\u0105 wsp\u00f3\u0142pracy z Hasiok Records, wznowione zosta\u0142o ich demo, dost\u0119pne wreszcie na<br \/>profesjonalnym CD.<\/p>\n<p>[\/et_pb_blurb][et_pb_text _builder_version=&#8221;4.22.2&#8243; _module_preset=&#8221;d5cce6f9-fe8e-4740-9b22-387451c2e8e4&#8243; text_orientation=&#8221;right&#8221; custom_margin=&#8221;||0px||false|false&#8221; text_orientation_tablet=&#8221;left&#8221; text_orientation_phone=&#8221;left&#8221; text_orientation_last_edited=&#8221;on|tablet&#8221; global_colors_info=&#8221;{}&#8221;]<\/p>\n<h4>Sobota &#8211; 28 Pa\u017adziernika 2023<br \/>godz. 22:00<\/h4>\n<p>[\/et_pb_text][et_pb_text _builder_version=&#8221;4.22.2&#8243; _module_preset=&#8221;6732f69b-144b-4e92-822b-32593892afe4&#8243; text_orientation=&#8221;right&#8221; text_orientation_tablet=&#8221;left&#8221; text_orientation_phone=&#8221;left&#8221; text_orientation_last_edited=&#8221;on|tablet&#8221; global_colors_info=&#8221;{}&#8221;]<\/p>\n<p>Pub \u00d3semka ul. S\u0142owackiego 149<\/p>\n<p>[\/et_pb_text][\/et_pb_column][\/et_pb_row][et_pb_row _builder_version=&#8221;4.22.2&#8243; _module_preset=&#8221;default&#8221; width=&#8221;90%&#8221; max_width=&#8221;1400px&#8221; link_option_url=&#8221;#&#8221; border_color_all=&#8221;#000000&#8243; border_width_bottom=&#8221;2px&#8221; locked=&#8221;off&#8221; global_colors_info=&#8221;{}&#8221; transform_styles__hover_enabled=&#8221;on|hover&#8221; transform_scale__hover=&#8221;98%|98%&#8221; transform_scale__hover_enabled=&#8221;on|hover&#8221; transform_translate__hover_enabled=&#8221;on|desktop&#8221; transform_rotate__hover_enabled=&#8221;on|desktop&#8221; transform_skew__hover_enabled=&#8221;on|desktop&#8221; transform_origin__hover_enabled=&#8221;on|desktop&#8221;][et_pb_column type=&#8221;4_4&#8243; _builder_version=&#8221;4.20.0&#8243; _module_preset=&#8221;default&#8221; global_colors_info=&#8221;{}&#8221;][et_pb_blurb title=&#8221;DJ Bloom&#8221; image=&#8221;https:\/\/piotrkoff.com\/wp-content\/uploads\/2023\/10\/djbloom-scaled.jpg&#8221; _builder_version=&#8221;4.22.2&#8243; _module_preset=&#8221;49c030ff-3a3d-4552-9b37-860712433e67&#8243; link_option_url=&#8221;http:\/\/wiezefabryk.net\/&#8221; link_option_url_new_window=&#8221;on&#8221; hover_enabled=&#8221;0&#8243; locked=&#8221;off&#8221; global_colors_info=&#8221;{%22gcid-89ade5c1-8cb2-4026-a48f-a0b1f9f98f24%22:%91%22link_text_color%22,%22quote_border_color%22%93}&#8221; quote_font_size_tablet=&#8221;20px&#8221; quote_font_size_phone=&#8221;16px&#8221; quote_font_size_last_edited=&#8221;on|desktop&#8221; title_text=&#8221;djbloom&#8221; sticky_enabled=&#8221;0&#8243;]<\/p>\n<p><span style=\"font-weight: 400;\">Podczas sobotniego afterparty DJ BLOOM, enigmatyczny sk\u0142ad skonfigurowany specjalnie na XIII edycj\u0119 PiotrkOFF Art Festival, zaprezentuje set z\u0142o\u017cony z d\u017awi\u0119k\u00f3w inspirowanych jesiennymi ciemno\u015bciami i ch\u0142odem, ci\u0119\u017ckich rytm\u00f3w wybijanych przez bezduszne automaty, g\u0142os\u00f3w ponurych i mrocznych oraz wszechobecnego dudnienia basu. <\/span><\/p>\n<p><span style=\"font-weight: 400;\">Rockowe disco w halloween\u2019owym wydaniu, a tak naprawd\u0119 zestaw znanych i lubianych piosenek do ta\u0144ca i absolutnie nie-do-r\u00f3\u017canca.<\/span><\/p>\n<p>[\/et_pb_blurb][et_pb_text _builder_version=&#8221;4.22.2&#8243; _module_preset=&#8221;d5cce6f9-fe8e-4740-9b22-387451c2e8e4&#8243; text_orientation=&#8221;right&#8221; custom_margin=&#8221;||0px||false|false&#8221; text_orientation_tablet=&#8221;left&#8221; text_orientation_phone=&#8221;left&#8221; text_orientation_last_edited=&#8221;on|tablet&#8221; global_colors_info=&#8221;{}&#8221;]<\/p>\n<h4>Sobota &#8211; 28 Pa\u017adziernika 2023<br \/>godz. 23:00<\/h4>\n<p>[\/et_pb_text][et_pb_text _builder_version=&#8221;4.22.2&#8243; _module_preset=&#8221;6732f69b-144b-4e92-822b-32593892afe4&#8243; text_orientation=&#8221;right&#8221; text_orientation_tablet=&#8221;left&#8221; text_orientation_phone=&#8221;left&#8221; text_orientation_last_edited=&#8221;on|tablet&#8221; global_colors_info=&#8221;{}&#8221;]<\/p>\n<p>Pub \u00d3semka ul. S\u0142owackiego 149<\/p>\n<p>[\/et_pb_text][\/et_pb_column][\/et_pb_row][\/et_pb_section][et_pb_section fb_built=&#8221;1&#8243; admin_label=&#8221;Footer&#8221; _builder_version=&#8221;4.20.0&#8243; _module_preset=&#8221;default&#8221; custom_padding=&#8221;0px||0px||true|false&#8221; saved_tabs=&#8221;all&#8221; collapsed=&#8221;on&#8221; global_colors_info=&#8221;{}&#8221;][et_pb_row _builder_version=&#8221;4.20.0&#8243; _module_preset=&#8221;default&#8221; width=&#8221;100%&#8221; max_width=&#8221;none&#8221; custom_padding=&#8221;0px||0px||true|false&#8221; global_module=&#8221;272&#8243; saved_tabs=&#8221;all&#8221; locked=&#8221;off&#8221; global_colors_info=&#8221;{}&#8221;][et_pb_column type=&#8221;4_4&#8243; _builder_version=&#8221;4.20.0&#8243; _module_preset=&#8221;default&#8221; global_colors_info=&#8221;{}&#8221;][et_pb_image src=&#8221;https:\/\/piotrkoff.com\/wp-content\/uploads\/2023\/10\/piotrkooooofoff.png&#8221; title_text=&#8221;piotrkooooofoff&#8221; force_fullwidth=&#8221;on&#8221; _builder_version=&#8221;4.22.2&#8243; _module_preset=&#8221;default&#8221; background_color=&#8221;#607087&#8243; global_colors_info=&#8221;{}&#8221;][\/et_pb_image][\/et_pb_column][\/et_pb_row][\/et_pb_section]<\/p>\n","protected":false},"excerpt":{"rendered":"<p>Arty\u015bciJacaszek to pochodz\u0105cy z Mr\u0105gowa, a od lat mieszkaj\u0105cy w Gda\u0144sku kompozytor, multiinstrumentalista, producent i wykonawca muzykielektroakustycznej, \u0142\u0105cz\u0105cej d\u017awi\u0119ki preparowane elektronicznie z \u017cywym instrumentarium. Na swoim koncie ma kilkana\u015bcie album\u00f3w solowych wydanych w USA, Wielkiej Brytanii, Norwegii, Holandii i Polsce, a tak\u017ce p\u0142yty nagrane z Mi\u0142k\u0105 Malzahn, Stefanem Weso\u0142owskim, Miko\u0142ajem Trzask\u0105, Tomaszem Budzy\u0144skim, Hani\u0105 Malarowsk\u0105, [&hellip;]<\/p>\n","protected":false},"author":1,"featured_media":0,"parent":0,"menu_order":0,"comment_status":"closed","ping_status":"closed","template":"","meta":{"_et_pb_use_builder":"on","_et_pb_old_content":"","_et_gb_content_width":"","footnotes":""},"class_list":["post-142","page","type-page","status-publish","hentry"],"_links":{"self":[{"href":"https:\/\/piotrkoff.com\/index.php\/wp-json\/wp\/v2\/pages\/142","targetHints":{"allow":["GET"]}}],"collection":[{"href":"https:\/\/piotrkoff.com\/index.php\/wp-json\/wp\/v2\/pages"}],"about":[{"href":"https:\/\/piotrkoff.com\/index.php\/wp-json\/wp\/v2\/types\/page"}],"author":[{"embeddable":true,"href":"https:\/\/piotrkoff.com\/index.php\/wp-json\/wp\/v2\/users\/1"}],"replies":[{"embeddable":true,"href":"https:\/\/piotrkoff.com\/index.php\/wp-json\/wp\/v2\/comments?post=142"}],"version-history":[{"count":30,"href":"https:\/\/piotrkoff.com\/index.php\/wp-json\/wp\/v2\/pages\/142\/revisions"}],"predecessor-version":[{"id":325,"href":"https:\/\/piotrkoff.com\/index.php\/wp-json\/wp\/v2\/pages\/142\/revisions\/325"}],"wp:attachment":[{"href":"https:\/\/piotrkoff.com\/index.php\/wp-json\/wp\/v2\/media?parent=142"}],"curies":[{"name":"wp","href":"https:\/\/api.w.org\/{rel}","templated":true}]}}